{"id":108,"date":"2018-03-01T21:06:10","date_gmt":"2018-03-01T21:06:10","guid":{"rendered":"http:\/\/www.frejatravel.com\/?page_id=108"},"modified":"2022-05-11T20:03:05","modified_gmt":"2022-05-11T20:03:05","slug":"utflykter","status":"publish","type":"page","link":"https:\/\/www.frejatravel.com\/nb\/utflykter\/","title":{"rendered":"UTFLUKTER"},"content":{"rendered":"<p><\/p>\n<p style=\"text-align: center;\"><span style=\"font-family: georgia, palatino, serif; font-size: 14pt;\">Freja travel organiserer utflukter etter \u00f8nskem\u00e5lene og behovene deres.Vi tilbyr et ukeprogramm med utflukter fra Makarska riviera med svensktalende og norsktalende lokale reiseledere, som du kan bestille via mailen v\u00e5r\u00a0<a href=\"mailto:info@frejatravel.com\" target=\"_blank\" rel=\"noopener\">info@frejatravel.com<\/a>\u00a0, p\u00e5 plass i Makarska p\u00e5 kontoret<\/span><br \/>\n<span style=\"font-family: georgia, palatino, serif; font-size: 14pt;\">v\u00e5rt\u00a0 (Centar Nikola, Ante Starcevica 32, Makarska) eller via<\/span><\/p>\n<p style=\"text-align: center;\"><span style=\"font-family: georgia, palatino, serif; font-size: 14pt;\">gsm. 00385 91 788 02 95<\/span><\/p>\n<p style=\"text-align: center;\"><span style=\"font-family: georgia, palatino, serif; font-size: 14pt;\">eller tel. 00385 21 678 203<\/span><\/p>\n<p style=\"text-align: center;\"><span style=\"font-family: georgia, palatino, serif; font-size: 14pt;\">Om dere er en gruppe som vil ha en skreddersydd utflukt eller et spesiellt ukeprogramm kan vi s\u00e5 klart l\u00f8se det, kontakt oss via mail:<\/span><br \/>\n<span style=\"font-family: georgia, palatino, serif; font-size: 14pt;\"><a href=\"mailto:info@frejatravel.com\" target=\"_blank\" rel=\"noopener\">info@frejatravel.com<\/a><br \/>\n<div id=\"grid-gallery-16-90532\" data-gg-id=\"16\" data-title=\"izleti_no\" data-grid-type=\"0\" data-offset=\"5.3\" data-area-position=\"center\" data-icons=\"false\" data-preloader=\"true\" data-width=\"296\" data-height=\"473\" data-padding=\"0\" data-quicksand=\"disabled\" data-quicksand-duration=\"none\" data-popup-theme=\"theme_6\" data-popup-type=\"pretty-photo\" data-popup-image-text=\"data-description\" data-popup-widthsize=\"auto\" data-popup-heightsize=\"auto\" data-popup-i18n-words=\"{&quot;close&quot;:&quot;close&quot;,&quot;next&quot;:&quot;next&quot;,&quot;previous&quot;:&quot;previous&quot;,&quot;start_slideshow&quot;:&quot;start slideshow&quot;,&quot;stop_slideshow&quot;:&quot;stop slideshow&quot;,&quot;image&quot;:&quot;image&quot;,&quot;of&quot;:&quot;of&quot;,&quot;prev&quot;:&quot;prev&quot;,&quot;cExpand&quot;:&quot;Expand&quot;,&quot;cPrevious&quot;:&quot;Previous&quot;,&quot;cNext&quot;:&quot;Next&quot;,&quot;cExpandStr&quot;:&quot;Expand the image&quot;,&quot;cRotate&quot;:&quot;Rotate&quot;,&quot;cDetails&quot;:&quot;Details&quot;}\" data-popup-slideshow=\"false\" data-popup-slideshow-speed=\"2500\" data-popup-hoverstop=\"true\" data-popup-slideshow-auto=\"false\" data-popup-background=\"\" data-popup-transparency=\"30\" data-popup-disable-history=\"\" data-popup-disable-changed-url=\"\" data-popup-border-type=\"\" data-popup-border-color=\"\" data-popup-border-width=\"\" data-popup-border-enable=\"\" data-fullscreen=\"false\" data-hide-tooltip=\"false\" data-caption-font-family=\"Default\" data-caption-text-size=\"14px\" data-is-mobile=\"0\" data-caption-mobile=\"false\" data-hide-long-tltp-title=\"0\" data-caption-disabled-on-mobile=\"false\" data-lazyload-enable='1' data-lazyload-effect=\"show\" data-lazyload-effect-duration=\"400\" data-popup-placement-type=\"0\" data-social-sharing=\"{&quot;enabled&quot;:&quot;&quot;,&quot;gallerySharing&quot;:{&quot;enabled&quot;:null,&quot;position&quot;:null},&quot;imageSharing&quot;:{&quot;enabled&quot;:null,&quot;wrapperClass&quot;:&quot; vertical \\n &quot;},&quot;popupSharing&quot;:{&quot;enabled&quot;:null,&quot;wrapperClass&quot;:&quot; vertical \\n &quot;}}\" class=\"grid-gallery grid-gallery-fixed \" style=\" width:100%; height:auto ; margin-left:auto; margin-right:auto; position:relative;\" > <div class=\"gallery-loading\"> <div class=\"blocks\"> <div class=\"block\"><\/div> <div class=\"block\"><\/div> <div class=\"block\"><\/div> <div class=\"block\"><\/div> <\/div> <\/div> <div class=\"gallery-sharing-top\"><\/div> <div id=\"photos-16\" class=\"grid-gallery-photos \" > <a id=\"gg-16-261\" class=\"gg-link \" data-attachment-id=\"570\" href=\"https:\/\/www.frejatravel.com\/nb\/rafting-ett-aventyr-pa-floden-cetina\/\" target=\"_self\" title=\"izleti_rafting_no\" rel=\"\" data-type=\"link\" style=\"border-radius: 0px;\" ><FIGURE class=\"grid-gallery-caption \" data-grid-gallery-type=\"quarter-slide-up\" data-index=\"0\" style=\"display:none;border-radius: 0px; ; margin: 5.3px; width:296px;\" ><div class=\"crop \" style=\" width:296px; height:473px; overflow:hidden; \"><img data-gg-real-image-href=\"https:\/\/www.frejatravel.com\/wp-content\/uploads\/2018\/04\/izleti_rafting_no-296x473.jpg\" src=\"https:\/\/www.frejatravel.com\/wp-content\/plugins\/gallery-by-supsystic\/src\/GridGallery\/Galleries\/assets\/img\/loading.gif\" class=\"ggImg ggLazyImg\" alt=\"rafting\" title=\"izleti_rafting_no\" data-description=\"izleti_rafting_no\" data-caption=\"izleti_rafting_no\" data-title=\"izleti_rafting_no\" style=\" width:296px; height:473px; \" \/><\/div><FIGCAPTION class=\"\" data-alpha=\"5\" style=\"color:#ffffff; background-color:#6f0000; font-size:14px; text-align:left; font-family:Default;\" ><div class=\"grid-gallery-figcaption-wrap\" style=\" vertical-align:top; \"><\/div><\/FIGCAPTION><\/FIGURE><\/a> <a id=\"gg-16-248\" class=\"gg-link \" data-attachment-id=\"555\" href=\"https:\/\/www.frejatravel.com\/nb\/batutflykt-en-dag-kroatiens-skargard\/\" target=\"_self\" title=\"izleti_brod_no\" rel=\"\" data-type=\"link\" style=\"border-radius: 0px;\" ><FIGURE class=\"grid-gallery-caption \" data-grid-gallery-type=\"quarter-slide-up\" data-index=\"1\" style=\"display:none;border-radius: 0px; ; margin: 5.3px; width:296px;\" ><div class=\"crop \" style=\" width:296px; height:473px; overflow:hidden; \"><img data-gg-real-image-href=\"https:\/\/www.frejatravel.com\/wp-content\/uploads\/2018\/04\/izleti_brod_no-296x473.jpg\" src=\"https:\/\/www.frejatravel.com\/wp-content\/plugins\/gallery-by-supsystic\/src\/GridGallery\/Galleries\/assets\/img\/loading.gif\" class=\"ggImg ggLazyImg\" alt=\"UTFLUKTER\" title=\"izleti_brod_no\" data-description=\"izleti_brod_no\" data-caption=\"izleti_brod_no\" data-title=\"izleti_brod_no\" style=\" width:296px; height:473px; \" \/><\/div><FIGCAPTION class=\"\" data-alpha=\"5\" style=\"color:#ffffff; background-color:#6f0000; font-size:14px; text-align:left; font-family:Default;\" ><div class=\"grid-gallery-figcaption-wrap\" style=\" vertical-align:top; \"><\/div><\/FIGCAPTION><\/FIGURE><\/a> <a id=\"gg-16-249\" class=\"gg-link \" data-attachment-id=\"556\" href=\"https:\/\/www.frejatravel.com\/nb\/dubrovnik-adriatiska-havets-parla\/\" target=\"_self\" title=\"izleti_dubrovnik_no\" rel=\"\" data-type=\"link\" style=\"border-radius: 0px;\" ><FIGURE class=\"grid-gallery-caption \" data-grid-gallery-type=\"quarter-slide-up\" data-index=\"2\" style=\"display:none;border-radius: 0px; ; margin: 5.3px; width:296px;\" ><div class=\"crop \" style=\" width:296px; height:473px; overflow:hidden; \"><img data-gg-real-image-href=\"https:\/\/www.frejatravel.com\/wp-content\/uploads\/2018\/04\/izleti_dubrovnik_no-296x473.jpg\" src=\"https:\/\/www.frejatravel.com\/wp-content\/plugins\/gallery-by-supsystic\/src\/GridGallery\/Galleries\/assets\/img\/loading.gif\" class=\"ggImg ggLazyImg\" alt=\"UTFLUKTER dubrovnik\" title=\"izleti_dubrovnik_no\" data-description=\"izleti_dubrovnik_no\" data-caption=\"izleti_dubrovnik_no\" data-title=\"izleti_dubrovnik_no\" style=\" width:296px; height:473px; \" \/><\/div><FIGCAPTION class=\"\" data-alpha=\"5\" style=\"color:#ffffff; background-color:#6f0000; font-size:14px; text-align:left; font-family:Default;\" ><div class=\"grid-gallery-figcaption-wrap\" style=\" vertical-align:top; \"><\/div><\/FIGCAPTION><\/FIGURE><\/a> <a id=\"gg-16-250\" class=\"gg-link \" data-attachment-id=\"557\" href=\"https:\/\/www.frejatravel.com\/nb\/vinprovning-imotskis-utsokta-vingardar\/\" target=\"_self\" title=\"izleti_imotsk_noi\" rel=\"\" data-type=\"link\" style=\"border-radius: 0px;\" ><FIGURE class=\"grid-gallery-caption \" data-grid-gallery-type=\"quarter-slide-up\" data-index=\"3\" style=\"display:none;border-radius: 0px; ; margin: 5.3px; width:296px;\" ><div class=\"crop \" style=\" width:296px; height:473px; overflow:hidden; \"><img data-gg-real-image-href=\"https:\/\/www.frejatravel.com\/wp-content\/uploads\/2018\/04\/izleti_imotsk_noi-296x473.jpg\" src=\"https:\/\/www.frejatravel.com\/wp-content\/plugins\/gallery-by-supsystic\/src\/GridGallery\/Galleries\/assets\/img\/loading.gif\" class=\"ggImg ggLazyImg\" alt=\"UTFLUKTER vinsmaking\" title=\"izleti_imotsk_noi\" data-description=\"izleti_imotsk_noi\" data-caption=\"izleti_imotsk_noi\" data-title=\"izleti_imotsk_noi\" style=\" width:296px; height:473px; \" \/><\/div><FIGCAPTION class=\"\" data-alpha=\"5\" style=\"color:#ffffff; background-color:#6f0000; font-size:14px; text-align:left; font-family:Default;\" ><div class=\"grid-gallery-figcaption-wrap\" style=\" vertical-align:top; \"><\/div><\/FIGCAPTION><\/FIGURE><\/a> <a id=\"gg-16-251\" class=\"gg-link \" data-attachment-id=\"558\" href=\"https:\/\/www.frejatravel.com\/nb\/krka-nationalpark-en-naturlig-skonhet\/\" target=\"_self\" title=\"izleti_krka_no\" rel=\"\" data-type=\"link\" style=\"border-radius: 0px;\" ><FIGURE class=\"grid-gallery-caption \" data-grid-gallery-type=\"quarter-slide-up\" data-index=\"4\" style=\"display:none;border-radius: 0px; ; margin: 5.3px; width:296px;\" ><div class=\"crop \" style=\" width:296px; height:473px; overflow:hidden; \"><img data-gg-real-image-href=\"https:\/\/www.frejatravel.com\/wp-content\/uploads\/2018\/04\/izleti_krka_no-296x473.jpg\" src=\"https:\/\/www.frejatravel.com\/wp-content\/plugins\/gallery-by-supsystic\/src\/GridGallery\/Galleries\/assets\/img\/loading.gif\" class=\"ggImg ggLazyImg\" alt=\"Krka UTFLUKTER\" title=\"izleti_krka_no\" data-description=\"izleti_krka_no\" data-caption=\"izleti_krka_no\" data-title=\"izleti_krka_no\" style=\" width:296px; height:473px; \" \/><\/div><FIGCAPTION class=\"\" data-alpha=\"5\" style=\"color:#ffffff; background-color:#6f0000; font-size:14px; text-align:left; font-family:Default;\" ><div class=\"grid-gallery-figcaption-wrap\" style=\" vertical-align:top; \"><\/div><\/FIGCAPTION><\/FIGURE><\/a> <a id=\"gg-16-252\" class=\"gg-link \" data-attachment-id=\"559\" href=\"https:\/\/www.frejatravel.com\/nb\/mostar-orientens-fonster\/\" target=\"_self\" title=\"izleti_mostar_no\" rel=\"\" data-type=\"link\" style=\"border-radius: 0px;\" ><FIGURE class=\"grid-gallery-caption \" data-grid-gallery-type=\"quarter-slide-up\" data-index=\"5\" style=\"display:none;border-radius: 0px; ; margin: 5.3px; width:296px;\" ><div class=\"crop \" style=\" width:296px; height:473px; overflow:hidden; \"><img data-gg-real-image-href=\"https:\/\/www.frejatravel.com\/wp-content\/uploads\/2018\/04\/izleti_mostar_no-296x473.jpg\" src=\"https:\/\/www.frejatravel.com\/wp-content\/plugins\/gallery-by-supsystic\/src\/GridGallery\/Galleries\/assets\/img\/loading.gif\" class=\"ggImg ggLazyImg\" alt=\"UTFLUKTER Mostar\" title=\"izleti_mostar_no\" data-description=\"izleti_mostar_no\" data-caption=\"izleti_mostar_no\" data-title=\"izleti_mostar_no\" style=\" width:296px; height:473px; \" \/><\/div><FIGCAPTION class=\"\" data-alpha=\"5\" style=\"color:#ffffff; background-color:#6f0000; font-size:14px; text-align:left; font-family:Default;\" ><div class=\"grid-gallery-figcaption-wrap\" style=\" vertical-align:top; \"><\/div><\/FIGCAPTION><\/FIGURE><\/a> <a id=\"gg-16-254\" class=\"gg-link \" data-attachment-id=\"561\" href=\"https:\/\/www.frejatravel.com\/nb\/omis-och-zadvarje-marknaden-en-dag-piraternas-naste\/\" target=\"_self\" title=\"izleti_omis_no\" rel=\"\" data-type=\"link\" style=\"border-radius: 0px;\" ><FIGURE class=\"grid-gallery-caption \" data-grid-gallery-type=\"quarter-slide-up\" data-index=\"6\" style=\"display:none;border-radius: 0px; ; margin: 5.3px; width:296px;\" ><div class=\"crop \" style=\" width:296px; height:473px; overflow:hidden; \"><img data-gg-real-image-href=\"https:\/\/www.frejatravel.com\/wp-content\/uploads\/2018\/04\/izleti_omis_no-296x473.jpg\" src=\"https:\/\/www.frejatravel.com\/wp-content\/plugins\/gallery-by-supsystic\/src\/GridGallery\/Galleries\/assets\/img\/loading.gif\" class=\"ggImg ggLazyImg\" alt=\"Omi\u0161 UTFLUKTER\" title=\"izleti_omis_no\" data-description=\"izleti_omis_no\" data-caption=\"izleti_omis_no\" data-title=\"izleti_omis_no\" style=\" width:296px; height:473px; \" \/><\/div><FIGCAPTION class=\"\" data-alpha=\"5\" style=\"color:#ffffff; background-color:#6f0000; font-size:14px; text-align:left; font-family:Default;\" ><div class=\"grid-gallery-figcaption-wrap\" style=\" vertical-align:top; \"><\/div><\/FIGCAPTION><\/FIGURE><\/a> <a id=\"gg-16-255\" class=\"gg-link \" data-attachment-id=\"562\" href=\"https:\/\/www.frejatravel.com\/nb\/kroatisk-afton-en-smak-av-kroatien\/\" target=\"_self\" title=\"izleti_selo_no\" rel=\"\" data-type=\"link\" style=\"border-radius: 0px;\" ><FIGURE class=\"grid-gallery-caption \" data-grid-gallery-type=\"quarter-slide-up\" data-index=\"7\" style=\"display:none;border-radius: 0px; ; margin: 5.3px; width:296px;\" ><div class=\"crop \" style=\" width:296px; height:473px; overflow:hidden; \"><img data-gg-real-image-href=\"https:\/\/www.frejatravel.com\/wp-content\/uploads\/2018\/04\/izleti_selo_no-296x473.jpg\" src=\"https:\/\/www.frejatravel.com\/wp-content\/plugins\/gallery-by-supsystic\/src\/GridGallery\/Galleries\/assets\/img\/loading.gif\" class=\"ggImg ggLazyImg\" alt=\"UTFLUKTER Kroatia\" title=\"izleti_selo_no\" data-description=\"izleti_selo_no\" data-caption=\"izleti_selo_no\" data-title=\"izleti_selo_no\" style=\" width:296px; height:473px; \" \/><\/div><FIGCAPTION class=\"\" data-alpha=\"5\" style=\"color:#ffffff; background-color:#6f0000; font-size:14px; text-align:left; font-family:Default;\" ><div class=\"grid-gallery-figcaption-wrap\" style=\" vertical-align:top; \"><\/div><\/FIGCAPTION><\/FIGURE><\/a> <a id=\"gg-16-256\" class=\"gg-link \" data-attachment-id=\"563\" href=\"https:\/\/www.frejatravel.com\/nb\/landsbybesok-upplev-det-genuina\/\" target=\"_self\" title=\"izleti_zagora_no\" rel=\"\" data-type=\"link\" style=\"border-radius: 0px;\" ><FIGURE class=\"grid-gallery-caption \" data-grid-gallery-type=\"quarter-slide-up\" data-index=\"8\" style=\"display:none;border-radius: 0px; ; margin: 5.3px; width:296px;\" ><div class=\"crop \" style=\" width:296px; height:473px; overflow:hidden; \"><img data-gg-real-image-href=\"https:\/\/www.frejatravel.com\/wp-content\/uploads\/2018\/04\/izleti_zagora_no-296x473.jpg\" src=\"https:\/\/www.frejatravel.com\/wp-content\/plugins\/gallery-by-supsystic\/src\/GridGallery\/Galleries\/assets\/img\/loading.gif\" class=\"ggImg ggLazyImg\" alt=\"UTFLUKTER landsbyoesok\" title=\"izleti_zagora_no\" data-description=\"izleti_zagora_no\" data-caption=\"izleti_zagora_no\" data-title=\"izleti_zagora_no\" style=\" width:296px; height:473px; \" \/><\/div><FIGCAPTION class=\"\" data-alpha=\"5\" style=\"color:#ffffff; background-color:#6f0000; font-size:14px; text-align:left; font-family:Default;\" ><div class=\"grid-gallery-figcaption-wrap\" style=\" vertical-align:top; \"><\/div><\/FIGCAPTION><\/FIGURE><\/a> <a id=\"gg-16-257\" class=\"gg-link \" data-attachment-id=\"564\" href=\"https:\/\/www.frejatravel.com\/nb\/split-shopping-mitt-ruiner-av-ett-romerskt-palats\/\" target=\"_self\" title=\"izleti_split_no\" rel=\"\" data-type=\"link\" style=\"border-radius: 0px;\" ><FIGURE class=\"grid-gallery-caption \" data-grid-gallery-type=\"quarter-slide-up\" data-index=\"9\" style=\"display:none;border-radius: 0px; ; margin: 5.3px; width:296px;\" ><div class=\"crop \" style=\" width:296px; height:473px; overflow:hidden; \"><img data-gg-real-image-href=\"https:\/\/www.frejatravel.com\/wp-content\/uploads\/2018\/04\/izleti_split_no-296x473.jpg\" src=\"https:\/\/www.frejatravel.com\/wp-content\/plugins\/gallery-by-supsystic\/src\/GridGallery\/Galleries\/assets\/img\/loading.gif\" class=\"ggImg ggLazyImg\" alt=\"UTFLUKTER SPLIT\" title=\"izleti_split_no\" data-description=\"izleti_split_no\" data-caption=\"izleti_split_no\" data-title=\"izleti_split_no\" style=\" width:296px; height:473px; \" \/><\/div><FIGCAPTION class=\"\" data-alpha=\"5\" style=\"color:#ffffff; background-color:#6f0000; font-size:14px; text-align:left; font-family:Default;\" ><div class=\"grid-gallery-figcaption-wrap\" style=\" vertical-align:top; \"><\/div><\/FIGCAPTION><\/FIGURE><\/a> <div class=\"grid-gallery-clearfix\"><\/div> <\/div> <div class=\"gallery-sharing-bottom\"><\/div> <div class=\"grid-gallery-clearfix\"><\/div> <\/div> <!-- Gallery by Supsystic plugin 1.15.4 --><br \/>\n<\/span><\/p>\n<p><\/p>","protected":false},"excerpt":{"rendered":"<p>Freja travel organiserer utflukter etter \u00f8nskem\u00e5lene og behovene deres.Vi tilbyr et ukeprogramm med utflukter fra Makarska riviera med svensktalende og norsktalende lokale reiseledere, som du kan bestille via mailen v\u00e5r\u00a0info@frejatravel.com\u00a0, p\u00e5 plass i Makarska p\u00e5 kontoret v\u00e5rt\u00a0 (Centar Nikola, Ante Starcevica 32, Makarska) eller via gsm. 00385 91 788 02 95 eller tel. 00385 21 <a class=\"read-more\" href=\"https:\/\/www.frejatravel.com\/nb\/utflykter\/\">READ MORE<\/a><\/p>\n","protected":false},"author":1,"featured_media":0,"parent":0,"menu_order":0,"comment_status":"closed","ping_status":"closed","template":"","meta":[],"yst_prominent_words":[218,209,172,207,220,219,214,213,160,210,212,208,216],"_links":{"self":[{"href":"https:\/\/www.frejatravel.com\/nb\/wp-json\/wp\/v2\/pages\/108"}],"collection":[{"href":"https:\/\/www.frejatravel.com\/nb\/wp-json\/wp\/v2\/pages"}],"about":[{"href":"https:\/\/www.frejatravel.com\/nb\/wp-json\/wp\/v2\/types\/page"}],"author":[{"embeddable":true,"href":"https:\/\/www.frejatravel.com\/nb\/wp-json\/wp\/v2\/users\/1"}],"replies":[{"embeddable":true,"href":"https:\/\/www.frejatravel.com\/nb\/wp-json\/wp\/v2\/comments?post=108"}],"version-history":[{"count":37,"href":"https:\/\/www.frejatravel.com\/nb\/wp-json\/wp\/v2\/pages\/108\/revisions"}],"predecessor-version":[{"id":640,"href":"https:\/\/www.frejatravel.com\/nb\/wp-json\/wp\/v2\/pages\/108\/revisions\/640"}],"wp:attachment":[{"href":"https:\/\/www.frejatravel.com\/nb\/wp-json\/wp\/v2\/media?parent=108"}],"wp:term":[{"taxonomy":"yst_prominent_words","embeddable":true,"href":"https:\/\/www.frejatravel.com\/nb\/wp-json\/wp\/v2\/yst_prominent_words?post=108"}],"curies":[{"name":"wp","href":"https:\/\/api.w.org\/{rel}","templated":true}]}}