{"id":63,"date":"2018-02-27T19:58:35","date_gmt":"2018-02-27T19:58:35","guid":{"rendered":"http:\/\/www.frejatravel.com\/?page_id=63"},"modified":"2018-04-17T21:24:54","modified_gmt":"2018-04-17T21:24:54","slug":"grupp-konferens","status":"publish","type":"page","link":"https:\/\/www.frejatravel.com\/hr\/grupp-konferens\/","title":{"rendered":"KONFERENCIJE I GRUPNA PUTOVANJA"},"content":{"rendered":"<p><\/p>\n<h1><strong><span style=\"color: #000000; font-size: 24pt; font-family: 'book antiqua', palatino, serif;\">Freja travel nudi putovanja po va\u0161oj mjeri za sve vrste grupa.<\/span><\/strong><\/h1>\n<p><span style=\"font-family: book antiqua,palatino,serif;\"><span style=\"margin: 0px; color: black; line-height: 115%; font-size: 14pt;\"><img loading=\"lazy\" class=\"alignleft wp-image-103\" src=\"https:\/\/www.frejatravel.com\/wp-content\/uploads\/2018\/03\/KONFERENS-300x225.jpg\" alt=\"KONFERENS\" width=\"259\" height=\"195\" \/><\/span><\/span><\/p>\n<p><span style=\"color: #000000; font-size: 14pt; font-family: 'book antiqua', palatino, serif;\">Radimo sa grupnim, tematskim, vinskim, povijesnim putovanjima i sli\u010dno. Sastavljamo program po va\u0161im \u017eeljama i potrebama. Po\u0161to imamo ugovore sa hotelima, autoprijevoznicima, glazbenicima i drugim turisti\u010dkim poduze\u0107ima (suradnicima),\u00a0 imamo mogu\u0107nost sklopiti kvalitetan,\u00a0 pou\u010dan i zabavan program za va\u0161 odmor.\u00a0<\/span><\/p>\n<p><span style=\"color: #000000; font-size: 14pt; font-family: 'book antiqua', palatino, serif;\">Kod konferencijskih putovanja sura\u0111ujemo sa ve\u0107im brojem hotela koji raspola\u017eu sa ve\u0107im i manjim salama opremljenim za sastanke. Hoteli mogu ponuditi me\u0111uobroke i ru\u010dak po va\u0161im \u017eeljama. Nakon konferencija nudimo razli\u010dite aktivnosti, organizirane izlete sa licenciranim vodi\u010dima, ve\u010dere uz muziku i ples, opu\u0161tenije programe uz razli\u010dita zabavna takmi\u010denja i drugo.<\/span><\/p>\n<p><span style=\"color: #000000; font-size: 14pt; font-family: 'book antiqua', palatino, serif;\">Ljeto je vrijeme kada se mnogi odlu\u010de vjen\u010dati. \u017delite li ceremoniju u Hrvatskoj, poma\u017eemo u organizaciji i uz dobru suradnju sa ambasadama i crkvama, mo\u017eemo pomo\u0107i u slu\u010daju crkvenog vjen\u010danja. Rje\u0161avamo sve potrebno: sale za vjen\u010danja, hranu i pi\u0107e, glazbu, cvjetne aran\u017emane i nakit. I naravno, za nju najva\u017enije, vrhunske frizere i viza\u017eiste.<\/span><\/p>\n<p><span style=\"color: #000000; font-size: 14pt; font-family: 'book antiqua', palatino, serif;\">Na podru\u010dju Makarske veliki broj sportskih udruga dolazi na pripreme, zbog prirode i pozicije grada, a i ve\u0107eg broja staza za laganu \u0161etnju ili tr\u010danje, uz more i u brdskom dijelu sa pogledom koji se prostire preko obale i otoka. Imamo veliki sportski centar sa nogometnim i teniskim terenima, teretanama, bazenima itd. Pred i post turisti\u010dka sezona su idealni za ovu vrstu putovanja.<\/span><\/p>\n<p><span style=\"color: #000000; font-size: 14pt; font-family: 'book antiqua', palatino, serif;\">Starogradski trgovi i vi\u0161estoljetne crkve su savr\u0161ene za pjevanje i nastupe ako ste u zboru. U mogu\u0107nosti smo organizirati koncerte u va\u0161e ime. Sve od javnih radijskih i novinarskih promoviranja koncerta do suradnje sa hrvatskim zborovima koji \u0107e rado zapjevati s vama, poma\u017eemo u svemu.<\/span><\/p>\n<p><span style=\"color: #000000; font-size: 14pt; font-family: 'book antiqua', palatino, serif;\">Jedno od najpopularnijih organiziranih putovanja su fitness putovanja. Poma\u017eemo pri odabiru hotela koji sudjeluju u planiranju razli\u010ditih aktivnosti npr. jutarnja joga uz more ili rezervacija trening sale. Najdra\u017ei izleti fitness grupa su \u0161etnje po planini Biokovo sa koje se pru\u017ea veli\u010danstveni pogled na Jadransko more, otoke i okolna mjesta.<\/span><\/p>\n<p><span style=\"color: #000000; font-size: 14pt; font-family: 'book antiqua', palatino, serif;\">Pri planiranju putovanja, zahvaljuju\u0107i lokalnim poznanstvima i znanjem, pa\u017eljivo mo\u017eemo izabrati sve u skladu s va\u0161im potrebama.\u00a0<\/span><\/p>\n<p><span style=\"color: #000000; font-size: 14pt; font-family: 'book antiqua', palatino, serif;\">Organiziramo transport od zra\u010dnih luka do va\u0161eg hotela, skandinavske vodi\u010de, hotelske smje\u0161taje, razna doga\u0111anja, ve\u010dere, jednodnevne ili vi\u0161ednevne izlete.<\/span><\/p>\n<p><span style=\"color: #000000; font-size: 14pt; font-family: 'book antiqua', palatino, serif;\">Da bih organizirali sve gore navedeno, potrebni su sposobnost, to\u010dnost i iskustvo, naravno uz lokalno znanje koje posjedujemo.<\/span><\/p>\n<p><span style=\"color: #000000; font-size: 14pt; font-family: 'book antiqua', palatino, serif;\">Poma\u017eemo u organizaciji va\u0161eg nezaboravnog putovanja!<\/span><\/p>\n<p><span style=\"color: #000000; font-size: 14pt; font-family: 'book antiqua', palatino, serif;\">Preko nas mo\u017eete rezervirati cijeli aran\u017eman!\u00a0<\/span><\/p>\n<p>&nbsp;<\/p>","protected":false},"excerpt":{"rendered":"<p>Freja travel nudi putovanja po va\u0161oj mjeri za sve vrste grupa. Radimo sa grupnim, tematskim, vinskim, povijesnim putovanjima i sli\u010dno. Sastavljamo program po va\u0161im \u017eeljama i potrebama. Po\u0161to imamo ugovore sa hotelima, autoprijevoznicima, glazbenicima i drugim turisti\u010dkim poduze\u0107ima (suradnicima),\u00a0 imamo mogu\u0107nost sklopiti kvalitetan,\u00a0 pou\u010dan i zabavan program za va\u0161 odmor.\u00a0 Kod konferencijskih putovanja sura\u0111ujemo sa <a class=\"read-more\" href=\"https:\/\/www.frejatravel.com\/hr\/grupp-konferens\/\">READ MORE<\/a><\/p>\n","protected":false},"author":1,"featured_media":103,"parent":0,"menu_order":0,"comment_status":"closed","ping_status":"closed","template":"","meta":[],"yst_prominent_words":[70,151,145,209,154,144,224,150,228,227,147,230,232,225,229,143,231,233,226,223],"_links":{"self":[{"href":"https:\/\/www.frejatravel.com\/hr\/wp-json\/wp\/v2\/pages\/63"}],"collection":[{"href":"https:\/\/www.frejatravel.com\/hr\/wp-json\/wp\/v2\/pages"}],"about":[{"href":"https:\/\/www.frejatravel.com\/hr\/wp-json\/wp\/v2\/types\/page"}],"author":[{"embeddable":true,"href":"https:\/\/www.frejatravel.com\/hr\/wp-json\/wp\/v2\/users\/1"}],"replies":[{"embeddable":true,"href":"https:\/\/www.frejatravel.com\/hr\/wp-json\/wp\/v2\/comments?post=63"}],"version-history":[{"count":20,"href":"https:\/\/www.frejatravel.com\/hr\/wp-json\/wp\/v2\/pages\/63\/revisions"}],"predecessor-version":[{"id":585,"href":"https:\/\/www.frejatravel.com\/hr\/wp-json\/wp\/v2\/pages\/63\/revisions\/585"}],"wp:featuredmedia":[{"embeddable":true,"href":"https:\/\/www.frejatravel.com\/hr\/wp-json\/wp\/v2\/media\/103"}],"wp:attachment":[{"href":"https:\/\/www.frejatravel.com\/hr\/wp-json\/wp\/v2\/media?parent=63"}],"wp:term":[{"taxonomy":"yst_prominent_words","embeddable":true,"href":"https:\/\/www.frejatravel.com\/hr\/wp-json\/wp\/v2\/yst_prominent_words?post=63"}],"curies":[{"name":"wp","href":"https:\/\/api.w.org\/{rel}","templated":true}]}}